{"id":2991,"date":"2024-04-24T08:23:40","date_gmt":"2024-04-24T07:23:40","guid":{"rendered":"https:\/\/app81.dev.madsys.com\/habilis\/lli\u00e7\u00f3\/la-fabricacion-digital-como-modelo-productivo-y-educativo\/"},"modified":"2024-05-08T15:28:12","modified_gmt":"2024-05-08T14:28:12","slug":"la-fabricacion-digital-como-modelo-productivo-y-educativo","status":"publish","type":"lesson","link":"https:\/\/habilis.ro-botica.com\/es\/llico\/la-fabricacion-digital-como-modelo-productivo-y-educativo\/","title":{"rendered":"1.2. La fabricaci\u00f3n digital como modelo productivo y educativo"},"content":{"rendered":"<p><img loading=\"lazy\" decoding=\"async\" class=\"alignnone size-full wp-image-5861\" src=\"https:\/\/habilis.ro-botica.com\/wp-content\/uploads\/2024\/05\/fabricacio_3D.jpg\" alt=\"curso circular lab_01\" width=\"1080\" height=\"721\"><\/p>\n<p>&nbsp;<\/p>\n<p>La fabricaci\u00f3n digital est\u00e1 transformando la producci\u00f3n y el consumo. Qu\u00e9date con esta frase, sobre la que reflexionaremos luego. \u00bfA qu\u00e9 nos referimos cuando hablamos de fabricaci\u00f3n digital?<\/p>\n<p>La fabricaci\u00f3n digital se podr\u00eda definir como la <strong>creaci\u00f3n de un objeto combinando programas de software de dise\u00f1o<\/strong> (como por ejemplo el CAD) <strong>junto a herramientas<\/strong> <strong>tecnol\u00f3gicas f\u00edsicas<\/strong> que sirven para imprimir o cortar.<\/p>\n<p>Por tanto, hay <strong>dos tipos<\/strong> de fabricaci\u00f3n digital: una en la que \u201ca\u00f1adimos material\u201d, que ser\u00eda la <strong>fabricaci\u00f3n aditiva<\/strong> (por ejemplo, la impresi\u00f3n 3D); y otra en la que \u201csustraemos material\u201d, que ser\u00eda la <strong>fabricaci\u00f3n sustractiva<\/strong> (cortadora l\u00e1ser, cortadora de vinilo).<\/p>\n<p>En este curso nos centraremos en la fabricaci\u00f3n aditiva. No obstante, mira esta v\u00eddeo para comprender mejor en qu\u00e9 consiste el dise\u00f1o y la fabricaci\u00f3n digital.<\/p>\n<h3 style=\"text-align: center;\">&nbsp;<\/h3>\n<p style=\"text-align: center;\"><iframe loading=\"lazy\" title=\"YouTube video player\" src=\"https:\/\/www.youtube-nocookie.com\/embed\/A_AzCZqR7yA?controls=0\" width=\"560\" height=\"315\" frameborder=\"0\" allowfullscreen=\"allowfullscreen\" data-mce-fragment=\"1\"><\/iframe><\/p>\n<p><strong>La fabricaci\u00f3n aditiva<br \/>\n<\/strong><\/p>\n<p>Este tipo de fabricaci\u00f3n, m\u00e1s conocida como impresi\u00f3n 3D, ha revolucionado la producci\u00f3n industrial mundial. <strong>Mediante los procesos de fabricaci\u00f3n aditiva podemos crear piezas tridimensionales<\/strong> a partir de dise\u00f1os realizados con herramientas CAD, a\u00f1adiendo material de forma sucesiva capa a capa hasta crear un objeto f\u00edsico.<\/p>\n<p>La herramienta que utilizamos para la fabricaci\u00f3n aditiva es la impresora 3D. Normalmente, las impresoras 3D utilizan un tipo de <strong>pl\u00e1stico o resina <\/strong>para imprimir<strong>, <\/strong>pero hoy en d\u00eda tambi\u00e9n las podemos usar para imprimir con <strong>cer\u00e1mica, pl\u00e1stico, metales e incluso con restos de alimentos.<\/strong><\/p>\n<p>Es importante remarcar el impacto de estas tecnolog\u00edas aditivas en la sostenibilidad. Por su forma de funcionar, a\u00f1adiendo material capa a capa, constituyen un gran avance, ya que evitan el desperdicio de materiales en la creaci\u00f3n de objetos y suponen un ahorro energ\u00e9tico, de costes y de tiempo. Tambi\u00e9n generan menos residuos y un ahorro en materias primas.<\/p>\n<p>&nbsp;<\/p>\n<h1>ActiviDADES<\/h1>\n<p>A partir del v\u00eddeo \u201cDise\u00f1o y fabricaci\u00f3n digital\u201d:<\/p>\n<ol>\n<li>Reflexiona y explica por qu\u00e9 la fabricaci\u00f3n digital est\u00e1 transformando la producci\u00f3n y el consumo.<\/li>\n<li>Explica tambi\u00e9n por qu\u00e9 la fabricaci\u00f3n digital puede ser un buen modelo educativo para las escuelas e institutos.<\/li>\n<\/ol>\n","protected":false},"excerpt":{"rendered":"&nbsp; La fabricaci\u00f3n digital est\u00e1 transformando la producci\u00f3n y el consumo. Qu\u00e9date con esta frase, sobre la que reflexionaremos luego. ... <a title=\"1.2. La fabricaci\u00f3n digital como modelo productivo y educativo\" class=\"read-more\" href=\"https:\/\/habilis.ro-botica.com\/es\/llico\/la-fabricacion-digital-como-modelo-productivo-y-educativo\/\" aria-label=\"Leer m\u00e1s sobre 1.2. La fabricaci\u00f3n digital como modelo productivo y educativo\"> <\/a>","protected":false},"featured_media":0,"template":"","meta":{"_acf_changed":false,"inline_featured_image":false,"_initial_content":"","_new_post":false,"_quiz_has_questions":false,"_lesson_complexity":"easy","_lesson_length":10,"_lesson_course":3042,"_lesson_preview":"preview"},"lesson-tag":[],"class_list":["post-2991","lesson","type-lesson","status-publish","hentry","module-unidad-didactica-1-situandonos-fablabs-fabricacion-digital-y-steam-3h","post"],"acf":[],"yoast_head":"<!-- This site is optimized with the Yoast SEO plugin v25.5 - https:\/\/yoast.com\/wordpress\/plugins\/seo\/ -->\n<title>1.2. La fabricaci\u00f3n digital como modelo productivo y educativo - Habilis<\/title>\n<meta name=\"robots\" content=\"index, follow, max-snippet:-1, max-image-preview:large, max-video-preview:-1\" \/>\n<link rel=\"canonical\" href=\"https:\/\/habilis.ro-botica.com\/es\/llico\/la-fabricacion-digital-como-modelo-productivo-y-educativo\/\" \/>\n<meta property=\"og:locale\" content=\"es_ES\" \/>\n<meta property=\"og:type\" content=\"article\" \/>\n<meta property=\"og:title\" content=\"1.2. La fabricaci\u00f3n digital como modelo productivo y educativo - Habilis\" \/>\n<meta property=\"og:description\" content=\"&nbsp; La fabricaci\u00f3n digital est\u00e1 transformando la producci\u00f3n y el consumo. Qu\u00e9date con esta frase, sobre la que reflexionaremos luego. ...\" \/>\n<meta property=\"og:url\" content=\"https:\/\/habilis.ro-botica.com\/es\/llico\/la-fabricacion-digital-como-modelo-productivo-y-educativo\/\" \/>\n<meta property=\"og:site_name\" content=\"Habilis\" \/>\n<meta property=\"article:modified_time\" content=\"2024-05-08T14:28:12+00:00\" \/>\n<meta property=\"og:image\" content=\"https:\/\/habilis.ro-botica.com\/wp-content\/uploads\/2024\/05\/fabricacio_3D.jpg\" \/>\n<meta name=\"twitter:card\" content=\"summary_large_image\" \/>\n<meta name=\"twitter:site\" content=\"@HabilisCat\" \/>\n<meta name=\"twitter:label1\" content=\"Tiempo de lectura\" \/>\n\t<meta name=\"twitter:data1\" content=\"2 minutos\" \/>\n<script type=\"application\/ld+json\" class=\"yoast-schema-graph\">{\"@context\":\"https:\/\/schema.org\",\"@graph\":[{\"@type\":\"WebPage\",\"@id\":\"https:\/\/habilis.ro-botica.com\/es\/llico\/la-fabricacion-digital-como-modelo-productivo-y-educativo\/\",\"url\":\"https:\/\/habilis.ro-botica.com\/es\/llico\/la-fabricacion-digital-como-modelo-productivo-y-educativo\/\",\"name\":\"1.2. La fabricaci\u00f3n digital como modelo productivo y educativo - Habilis\",\"isPartOf\":{\"@id\":\"https:\/\/habilis.ro-botica.com\/es\/#website\"},\"primaryImageOfPage\":{\"@id\":\"https:\/\/habilis.ro-botica.com\/es\/llico\/la-fabricacion-digital-como-modelo-productivo-y-educativo\/#primaryimage\"},\"image\":{\"@id\":\"https:\/\/habilis.ro-botica.com\/es\/llico\/la-fabricacion-digital-como-modelo-productivo-y-educativo\/#primaryimage\"},\"thumbnailUrl\":\"https:\/\/habilis.ro-botica.com\/wp-content\/uploads\/2024\/05\/fabricacio_3D.jpg\",\"datePublished\":\"2024-04-24T07:23:40+00:00\",\"dateModified\":\"2024-05-08T14:28:12+00:00\",\"breadcrumb\":{\"@id\":\"https:\/\/habilis.ro-botica.com\/es\/llico\/la-fabricacion-digital-como-modelo-productivo-y-educativo\/#breadcrumb\"},\"inLanguage\":\"es\",\"potentialAction\":[{\"@type\":\"ReadAction\",\"target\":[\"https:\/\/habilis.ro-botica.com\/es\/llico\/la-fabricacion-digital-como-modelo-productivo-y-educativo\/\"]}]},{\"@type\":\"ImageObject\",\"inLanguage\":\"es\",\"@id\":\"https:\/\/habilis.ro-botica.com\/es\/llico\/la-fabricacion-digital-como-modelo-productivo-y-educativo\/#primaryimage\",\"url\":\"https:\/\/habilis.ro-botica.com\/wp-content\/uploads\/2024\/05\/fabricacio_3D.jpg\",\"contentUrl\":\"https:\/\/habilis.ro-botica.com\/wp-content\/uploads\/2024\/05\/fabricacio_3D.jpg\"},{\"@type\":\"BreadcrumbList\",\"@id\":\"https:\/\/habilis.ro-botica.com\/es\/llico\/la-fabricacion-digital-como-modelo-productivo-y-educativo\/#breadcrumb\",\"itemListElement\":[{\"@type\":\"ListItem\",\"position\":1,\"name\":\"Portada\",\"item\":\"https:\/\/habilis.ro-botica.com\/es\/\"},{\"@type\":\"ListItem\",\"position\":2,\"name\":\"1.2. La fabricaci\u00f3n digital como modelo productivo y educativo\"}]},{\"@type\":\"WebSite\",\"@id\":\"https:\/\/habilis.ro-botica.com\/es\/#website\",\"url\":\"https:\/\/habilis.ro-botica.com\/es\/\",\"name\":\"Habilis\",\"description\":\"Aprende con las manos\",\"publisher\":{\"@id\":\"https:\/\/habilis.ro-botica.com\/es\/#organization\"},\"potentialAction\":[{\"@type\":\"SearchAction\",\"target\":{\"@type\":\"EntryPoint\",\"urlTemplate\":\"https:\/\/habilis.ro-botica.com\/es\/?s={search_term_string}\"},\"query-input\":{\"@type\":\"PropertyValueSpecification\",\"valueRequired\":true,\"valueName\":\"search_term_string\"}}],\"inLanguage\":\"es\"},{\"@type\":\"Organization\",\"@id\":\"https:\/\/habilis.ro-botica.com\/es\/#organization\",\"name\":\"Habilis\",\"url\":\"https:\/\/habilis.ro-botica.com\/es\/\",\"logo\":{\"@type\":\"ImageObject\",\"inLanguage\":\"es\",\"@id\":\"https:\/\/habilis.ro-botica.com\/es\/#\/schema\/logo\/image\/\",\"url\":\"https:\/\/habilis.ro-botica.com\/wp-content\/uploads\/2023\/08\/logo-habilis-430.png\",\"contentUrl\":\"https:\/\/habilis.ro-botica.com\/wp-content\/uploads\/2023\/08\/logo-habilis-430.png\",\"width\":888,\"height\":189,\"caption\":\"Habilis\"},\"image\":{\"@id\":\"https:\/\/habilis.ro-botica.com\/es\/#\/schema\/logo\/image\/\"},\"sameAs\":[\"https:\/\/x.com\/HabilisCat\",\"https:\/\/www.instagram.com\/habiliscat\/\",\"https:\/\/www.linkedin.com\/company\/habiliscat\/about\/\"]}]}<\/script>\n<!-- \/ Yoast SEO plugin. -->","yoast_head_json":{"title":"1.2. La fabricaci\u00f3n digital como modelo productivo y educativo - Habilis","robots":{"index":"index","follow":"follow","max-snippet":"max-snippet:-1","max-image-preview":"max-image-preview:large","max-video-preview":"max-video-preview:-1"},"canonical":"https:\/\/habilis.ro-botica.com\/es\/llico\/la-fabricacion-digital-como-modelo-productivo-y-educativo\/","og_locale":"es_ES","og_type":"article","og_title":"1.2. La fabricaci\u00f3n digital como modelo productivo y educativo - Habilis","og_description":"&nbsp; La fabricaci\u00f3n digital est\u00e1 transformando la producci\u00f3n y el consumo. Qu\u00e9date con esta frase, sobre la que reflexionaremos luego. ...","og_url":"https:\/\/habilis.ro-botica.com\/es\/llico\/la-fabricacion-digital-como-modelo-productivo-y-educativo\/","og_site_name":"Habilis","article_modified_time":"2024-05-08T14:28:12+00:00","og_image":[{"url":"https:\/\/habilis.ro-botica.com\/wp-content\/uploads\/2024\/05\/fabricacio_3D.jpg","type":"","width":"","height":""}],"twitter_card":"summary_large_image","twitter_site":"@HabilisCat","twitter_misc":{"Tiempo de lectura":"2 minutos"},"schema":{"@context":"https:\/\/schema.org","@graph":[{"@type":"WebPage","@id":"https:\/\/habilis.ro-botica.com\/es\/llico\/la-fabricacion-digital-como-modelo-productivo-y-educativo\/","url":"https:\/\/habilis.ro-botica.com\/es\/llico\/la-fabricacion-digital-como-modelo-productivo-y-educativo\/","name":"1.2. La fabricaci\u00f3n digital como modelo productivo y educativo - Habilis","isPartOf":{"@id":"https:\/\/habilis.ro-botica.com\/es\/#website"},"primaryImageOfPage":{"@id":"https:\/\/habilis.ro-botica.com\/es\/llico\/la-fabricacion-digital-como-modelo-productivo-y-educativo\/#primaryimage"},"image":{"@id":"https:\/\/habilis.ro-botica.com\/es\/llico\/la-fabricacion-digital-como-modelo-productivo-y-educativo\/#primaryimage"},"thumbnailUrl":"https:\/\/habilis.ro-botica.com\/wp-content\/uploads\/2024\/05\/fabricacio_3D.jpg","datePublished":"2024-04-24T07:23:40+00:00","dateModified":"2024-05-08T14:28:12+00:00","breadcrumb":{"@id":"https:\/\/habilis.ro-botica.com\/es\/llico\/la-fabricacion-digital-como-modelo-productivo-y-educativo\/#breadcrumb"},"inLanguage":"es","potentialAction":[{"@type":"ReadAction","target":["https:\/\/habilis.ro-botica.com\/es\/llico\/la-fabricacion-digital-como-modelo-productivo-y-educativo\/"]}]},{"@type":"ImageObject","inLanguage":"es","@id":"https:\/\/habilis.ro-botica.com\/es\/llico\/la-fabricacion-digital-como-modelo-productivo-y-educativo\/#primaryimage","url":"https:\/\/habilis.ro-botica.com\/wp-content\/uploads\/2024\/05\/fabricacio_3D.jpg","contentUrl":"https:\/\/habilis.ro-botica.com\/wp-content\/uploads\/2024\/05\/fabricacio_3D.jpg"},{"@type":"BreadcrumbList","@id":"https:\/\/habilis.ro-botica.com\/es\/llico\/la-fabricacion-digital-como-modelo-productivo-y-educativo\/#breadcrumb","itemListElement":[{"@type":"ListItem","position":1,"name":"Portada","item":"https:\/\/habilis.ro-botica.com\/es\/"},{"@type":"ListItem","position":2,"name":"1.2. La fabricaci\u00f3n digital como modelo productivo y educativo"}]},{"@type":"WebSite","@id":"https:\/\/habilis.ro-botica.com\/es\/#website","url":"https:\/\/habilis.ro-botica.com\/es\/","name":"Habilis","description":"Aprende con las manos","publisher":{"@id":"https:\/\/habilis.ro-botica.com\/es\/#organization"},"potentialAction":[{"@type":"SearchAction","target":{"@type":"EntryPoint","urlTemplate":"https:\/\/habilis.ro-botica.com\/es\/?s={search_term_string}"},"query-input":{"@type":"PropertyValueSpecification","valueRequired":true,"valueName":"search_term_string"}}],"inLanguage":"es"},{"@type":"Organization","@id":"https:\/\/habilis.ro-botica.com\/es\/#organization","name":"Habilis","url":"https:\/\/habilis.ro-botica.com\/es\/","logo":{"@type":"ImageObject","inLanguage":"es","@id":"https:\/\/habilis.ro-botica.com\/es\/#\/schema\/logo\/image\/","url":"https:\/\/habilis.ro-botica.com\/wp-content\/uploads\/2023\/08\/logo-habilis-430.png","contentUrl":"https:\/\/habilis.ro-botica.com\/wp-content\/uploads\/2023\/08\/logo-habilis-430.png","width":888,"height":189,"caption":"Habilis"},"image":{"@id":"https:\/\/habilis.ro-botica.com\/es\/#\/schema\/logo\/image\/"},"sameAs":["https:\/\/x.com\/HabilisCat","https:\/\/www.instagram.com\/habiliscat\/","https:\/\/www.linkedin.com\/company\/habiliscat\/about\/"]}]}},"is_coteacher":false,"_links":{"self":[{"href":"https:\/\/habilis.ro-botica.com\/es\/wp-json\/wp\/v2\/lessons\/2991","targetHints":{"allow":["GET"]}}],"collection":[{"href":"https:\/\/habilis.ro-botica.com\/es\/wp-json\/wp\/v2\/lessons"}],"about":[{"href":"https:\/\/habilis.ro-botica.com\/es\/wp-json\/wp\/v2\/types\/lesson"}],"version-history":[{"count":0,"href":"https:\/\/habilis.ro-botica.com\/es\/wp-json\/wp\/v2\/lessons\/2991\/revisions"}],"wp:attachment":[{"href":"https:\/\/habilis.ro-botica.com\/es\/wp-json\/wp\/v2\/media?parent=2991"}],"wp:term":[{"taxonomy":"lesson-tag","embeddable":true,"href":"https:\/\/habilis.ro-botica.com\/es\/wp-json\/wp\/v2\/lesson-tag?post=2991"}],"curies":[{"name":"wp","href":"https:\/\/api.w.org\/{rel}","templated":true}]}}