{"id":72,"date":"2023-06-12T14:17:31","date_gmt":"2023-06-12T13:17:31","guid":{"rendered":"https:\/\/app.dev.madsys.com\/tallerdefred\/?page_id=72"},"modified":"2024-05-16T08:01:38","modified_gmt":"2024-05-16T07:01:38","slug":"aviso-legal","status":"publish","type":"page","link":"https:\/\/habilis.ro-botica.com\/es\/aviso-legal\/","title":{"rendered":"Aviso Legal"},"content":{"rendered":"\n<p>El titular de la p\u00e0gina web allotjada a la URL www.habilis.cat (el \u201cWeb\u201d) \u00e9s l\u2019entitat ABACUS, SCCL (\u201cABACUS\u201d), les dades d\u2019identificaci\u00f3 de la qual s\u00f3n les que es detallen a continuaci\u00f3:<\/p>\n\n\n\n<ul class=\"wp-block-list\">\n<li>Domicili social: C\/ Per\u00fa, 186, 08020 Barcelona<\/li>\n\n\n\n<li>CIF n\u00ba: F-08226714<\/li>\n\n\n\n<li>Tel\u00e8fon: 93 217 81 66<\/li>\n\n\n\n<li>Adre\u00e7a de correu electr\u00f2nic: soci.client@abacus.coop<\/li>\n\n\n\n<li>Dades registrals: Inscrita en el Registre General de Cooperatives de Catalunya amb el n\u00ba N571<\/li>\n<\/ul>\n\n\n\n<p>L\u2019Av\u00eds Legal regeix l\u2019acc\u00e9s i la utilitzaci\u00f3 del Web per part dels seus usuaris.<\/p>\n\n\n\n<h3 class=\"wp-block-heading\">1. Acc\u00e9s al web<\/h3>\n\n\n\n<p>L\u2019acc\u00e9s i utilitzaci\u00f3 del Web comporta l\u2019acceptaci\u00f3 de l\u2019Av\u00eds Legal.<\/p>\n\n\n\n<p>ABACUS es reserva la facultat de realitzar, en qualsevol moment, qualsevol modificaci\u00f3 i\/o actualitzaci\u00f3 de l\u2019Av\u00eds Legal i, per tant, cal que l\u2019usuari\/la usu\u00e0ria llegeixi atentament l\u2019Av\u00eds Legal cada vegada que accedeixi al Web. Si no s\u2019accepta l\u2019Av\u00eds Legal, preguem abstenir-se d\u2019utilitzar el Web i el seu contingut.<\/p>\n\n\n\n<h3 class=\"wp-block-heading\">2. Normes d\u2019utilitzaci\u00f3<\/h3>\n\n\n\n<p>Els continguts oferts a trav\u00e9s del Web es dirigeixen exclusivament, majors de 14 anys d\u2019edat. A l\u2019efecte, ABACUS es reserva l\u2019opci\u00f3 de sol\u00b7licitar als usuaris, en qualsevol moment, documentaci\u00f3 acreditativa de la seva edat per tal de verificar-la. En el sup\u00f2sit que ABACUS verifiqui que l\u2019usuari\/la usu\u00e0ria no t\u00e9 l\u2019edat m\u00ednima requerida, no atendr\u00e0 les seves peticions.<\/p>\n\n\n\n<p>L\u2019usuari\/La usu\u00e0ria s\u2019obliga a utilitzar el Web, i tot el seu contingut, d\u2019acord amb el que estableix la normativa vigent, l\u2019Av\u00eds Legal i, si s\u2019escau, la resta de termes i condicions previstos en el Web.<\/p>\n\n\n\n<p>Aix\u00ed mateix, s\u2019obliga a fer un \u00fas adequat dels serveis i\/o continguts del Web i a no utilitzar-los per a realitzar activitats il\u00b7l\u00edcites i\/o que atemptin contra drets de tercers. En aquest sentit, l\u2019usuari\/la usu\u00e0ria s\u2019obliga a no transmetre, introduir, difondre ni a posar a disposici\u00f3 de la resta d\u2019usuaris, qualsevol tipus de material i informaci\u00f3 que siguin contraris a la llei i l\u2019Av\u00eds Legal. A t\u00edtol enunciatiu, i en cap cas limitatiu o excloent, l\u2019usuari\/la usu\u00e0ria es compromet a:<\/p>\n\n\n\n<ul class=\"wp-block-list\">\n<li>No difondre continguts de car\u00e0cter violent, xen\u00f2fob, pornogr\u00e0fic, d\u2019apologia del terrorisme i\/o que atemptin contra els drets humans i els drets fonamentals de les persones.<\/li>\n\n\n\n<li>No introduir virus, scripts ni programari nociu susceptible d\u2019interrompre, destruir o limitar la funcionalitat de qualsevol software o hardware.<\/li>\n\n\n\n<li>No interferir o condicionar d\u2019alguna manera la seguretat del Web o utilitzar de forma abusiva els seus recursos, serveis i productes disponibles.<\/li>\n\n\n\n<li>No accedir, modificar, adaptar i\/o realitzar enginyeria inversa, descompilar, desmuntar o, d\u2019alguna manera, interferir al Web.<\/li>\n\n\n\n<li>No dur a terme accions que puguin desactivar, sobrecarregar o afectar el funcionament del Web.<\/li>\n<\/ul>\n\n\n\n<p>S\u2019informa a l\u2019usuari\/la usu\u00e0ria que, en el sup\u00f2sit que incompleixi l\u2019Av\u00eds Legal o, si escau, qualsevol altres termes i condicions del Web, ABACUS es reserva el dret a limitar, suspendre i\/o terminar el seu acc\u00e9s al Web, adoptant qualsevol mesura que sigui necess\u00e0ria a l\u2019efecte.<\/p>\n\n\n\n<p>ABACUS fa els seus millors esfor\u00e7os per a mantenir el Web en bon funcionament, evitant errors o, si s\u2019escau, esmenar-los. No obstant, ABACUS no garanteix la disponibilitat i continu\u00eftat en l\u2019acc\u00e9s al Web ni la inexist\u00e8ncia d\u2019errors en els seus continguts, aix\u00ed com tampoc que aquests estiguin degudament actualizats.<\/p>\n\n\n\n<h3 class=\"wp-block-heading\">3. Responsabilitat<\/h3>\n\n\n\n<p>Tant l\u2019acc\u00e9s al Web com l\u2019\u00fas que pugui fer-se de qualsevol informaci\u00f3 que el Web contingui es realitzen sota la responsabilitat exclusiva de l\u2019usuari\/la usu\u00e0ria.<\/p>\n\n\n\n<p>L\u2019acc\u00e9s al Web no implica per a ABACUS l\u2019obligaci\u00f3 de controlar l\u2019exist\u00e8ncia de virus o qualsevol altre element inform\u00e0tic nociu en els sistemes i\/o dispositius de l\u2019usuari\/la usu\u00e0ria.<\/p>\n\n\n\n<p>ABACUS no es responsabilitza dels danys produ\u00efts en el software i\/o hardware dels usuaris que es derivi de l\u2019acc\u00e9s i\/o utilitzaci\u00f3 del Web.<\/p>\n\n\n\n<p>ABACUS tampoc es responsabilitza dels danys o perjudicis de qualsevol tipus produ\u00efts a l\u2019usuari\/la usu\u00e0ria a causa de fallada o caigudes de les xarxes de telecomunicacions que produeixin la suspensi\u00f3, cancel\u00b7laci\u00f3 o interrupci\u00f3 del Web.<\/p>\n\n\n\n<p>L\u2019usuari\/La usu\u00e0ria s\u2019obliga a mantenir indemne a ABACUS de qualsevol possible reclamaci\u00f3 o sanci\u00f3 que pugui venir obligada a suportar com a conseq\u00fc\u00e8ncia de l\u2019incompliment per part de l\u2019usuari\/la usu\u00e0ria de la normativa vigent i de l\u2019Av\u00eds Legal. ABACUS es reserva el dret a sol\u00b7licitar la indemnitzaci\u00f3 per danys i perjudicis que correspongui als usuaris que facin un \u00fas inapropiat del Web o no respectin l\u2019Av\u00eds Legal.<\/p>\n\n\n\n<h3 class=\"wp-block-heading\">4. Publicitat<\/h3>\n\n\n\n<p>ABACUS podr\u00e0 incloure al Web continguts publicitaris i\/o patrocinis de tercers. Els anunciants i patrocinadors seran els \u00fanics responsables d\u2019assegurar-se que el material facilitat per a la seva inclusi\u00f3 al Web compleix \u00edntegrament la legislaci\u00f3 vigent que pugui ser d\u2019aplicaci\u00f3.<\/p>\n\n\n\n<p>En conseq\u00fc\u00e8ncia, ABACUS no ser\u00e0 responsable de cap error, inexactitut i\/o irregularitat que puguin incloure els continguts publicitaris o dels patrocinadors ni dels incompliments de la normativa vigent.<\/p>\n\n\n\n<h3 class=\"wp-block-heading\">5. Pol\u00edtica en mat\u00e8ria d\u2019enlla\u00e7os<\/h3>\n\n\n\n<p><strong>a) Enlla\u00e7os amb el web<\/strong><\/p>\n\n\n\n<p>Qualsevol que tingui intenci\u00f3 d\u2019incloure en un lloc web (\u201c<strong>Web Enlla\u00e7ant\u201d<\/strong>) un enlla\u00e7 que dirigeixi al Web hauran de complir amb la legislaci\u00f3 vigent i, en cap cas, podr\u00e0 allotjar continguts, propis o de tercers, que: (i) siguin il\u00b7l\u00edcits, nocius, violents, racistes, denigrants, etc.; i\/o (ii) resultin inapropiats o no pertinents en relaci\u00f3 amb l\u2019activitat i els productes d\u2019ABACUS.<\/p>\n\n\n\n<p>L\u2019enlla\u00e7 no implica que ABACUS avali, promocioni, garanteixi, supervisi i\/o recomani el contingut i\/o els serveis del Web Enlla\u00e7ant, ni que sigui responsable del seu contingut. En el sup\u00f2sit d\u2019incompliment de qualsevol dels termes referits anteriorment, ABACUS procedir\u00e0 a la revocaci\u00f3 de l\u2019autoritzaci\u00f3 al Web Enlla\u00e7ant, que haur\u00e0 de suprimir l\u2019enlla\u00e7 de forma immediata.<\/p>\n\n\n\n<p><strong>b) Enlla\u00e7os amb altres webs<\/strong><\/p>\n\n\n\n<p>Al Web es poden incloure diferents enlla\u00e7os que permetin a l\u2019usuari\/la usu\u00e0ria accedir a altres webs (\u201c<strong>Webs Enlla\u00e7ats\u201d<\/strong>).<\/p>\n\n\n\n<p>En cap cas, l\u2019exist\u00e8ncia de Webs Enlla\u00e7ats comporta recomanaci\u00f3, promoci\u00f3, identificaci\u00f3 i\/o conformitat d\u2019ABACUS amb les manifestacions, continguts i\/o serveis proporcionats mitjan\u00e7ant els Webs Enlla\u00e7ats. En conseq\u00fc\u00e8ncia, ABACUS no es fa responsable del contingut, i els termes i condicions dels Webs Enlla\u00e7ats, essent l\u2019usuari\/la usu\u00e0ria l\u2019\u00fanic\/a responsable de comprovar-los i acceptar-los cada vegada que accedeixi i els utilitzi.<\/p>\n\n\n\n<h3 class=\"wp-block-heading\">6. Propietat intel\u00b7lectual i industrial<\/h3>\n\n\n\n<p>Tots els drets de propietat intel\u00b7lectual sobre els diferents elements i continguts del Web (textos, gr\u00e0fics, fotografies, v\u00eddeos, icones, gravacions sonores, combinacions de colors, codis font, etc.)[els \u201cContinguts\u201d], aix\u00ed com la seva estructura, selecci\u00f3 i ordre, s\u00f3n titularitat d\u2019ABACUS o, si s\u2019escau, dels seus llicenciants.<\/p>\n\n\n\n<p>Igualment, els signes distintius i nom de domini del Web s\u00f3n titularitat d\u2019ABACUS o, si s\u2019escau, dels llicenciants sense que es pugui entendre que l\u2019acc\u00e9s al Web atribueixi algun dret sobre els mateixos.<\/p>\n\n\n\n<p>En conseq\u00fc\u00e8ncia, queda expressament prohibit a l\u2019usuari\/la usu\u00e0ria la reproducci\u00f3, transformaci\u00f3, distribuci\u00f3, comunicaci\u00f3 p\u00fablica, posada a disposici\u00f3, extracci\u00f3 i\/o qualsevol altra forma de difusi\u00f3 no autoritzades expressament del Web, els Continguts i\/o els signes distintius d\u2019ABACUS.<\/p>\n\n\n\n<p>La utilitzaci\u00f3 no autoritzada dels Continguts, aix\u00ed com els perjudicis ocasionats en els drets de propietat intel\u00b7lectual i industrial d\u2019ABACUS podran donar lloc a l\u2019exercici de les accions que legalment li corresponguin, i a les responsabilitats que, en el seu cas, se\u2019n derivin.<\/p>\n\n\n\n<h3 class=\"wp-block-heading\">7. Pol\u00edtica de privacitat<\/h3>\n\n\n\n<p>El tractament de les dades personals dels usuaris es regir\u00e0 per la Pol\u00edtica de Privacitat del Web.<\/p>\n\n\n\n<h3 class=\"wp-block-heading\">8. Nul\u00b7litat<\/h3>\n\n\n\n<p>Si qualsevol de les cl\u00e0usules de l\u2019Av\u00eds Legal fos declarada, total o parcialment, nul\u00b7la o inefica\u00e7, tal nul\u00b7litat o inefic\u00e0cia afectar\u00e0 nom\u00e9s a l\u2019esmentada disposici\u00f3 o a la part de la mateixa que resulti nul\u00b7la o inefica\u00e7, i les mateixes romandran vigents en tota la resta, tenint-se per no posada tal disposici\u00f3 o la part de la mateixa que resulti afectada. A l\u2019efecte, l\u2019Av\u00eds Legal nom\u00e9s deixar\u00e0 de tenir validesa exclusivament respecte la disposici\u00f3 nul\u00b7la o inefica\u00e7, i cap altra part o disposici\u00f3 del mateix quedar\u00e0 anul\u00b7lada, invalidada, perjudicada o afectada per tal nul\u00b7litat o inefic\u00e0cia, llevat que per resultar essencial hagu\u00e9s d\u2019afectar a l\u2019Av\u00eds Legal de forma integral.<\/p>\n\n\n\n<h3 class=\"wp-block-heading\">9. Legislaci\u00f3 aplicable i jurisdicci\u00f3 competent<\/h3>\n\n\n\n<p>L\u2019Av\u00eds Legal es regir\u00e0 i interpretar\u00e0 conforme a la legislaci\u00f3 vigent.<\/p>\n\n\n\n<p>En qualsevol cas, en el sup\u00f2sit que sorgeixi qualsevol conflicte i\/o discrep\u00e0ncia en la interpretaci\u00f3 i\/o aplicaci\u00f3 de l\u2019Av\u00eds Legal, els Jutjats i Tribunals que, si s\u2019escau, coneixeran l\u2019assumpte seran els que prevegi la normativa legal aplicable.<\/p>\n","protected":false},"excerpt":{"rendered":"<p>El titular de la p\u00e0gina web allotjada a la URL www.habilis.cat (el \u201cWeb\u201d) \u00e9s l\u2019entitat ABACUS, SCCL (\u201cABACUS\u201d), les dades &#8230; <a title=\"Aviso Legal\" class=\"read-more\" href=\"https:\/\/habilis.ro-botica.com\/es\/aviso-legal\/\" aria-label=\"Leer m\u00e1s sobre Aviso Legal\"> <\/a><\/p>\n","protected":false},"author":8,"featured_media":0,"parent":0,"menu_order":0,"comment_status":"closed","ping_status":"closed","template":"","meta":{"_acf_changed":false,"inline_featured_image":false,"footnotes":""},"class_list":["post-72","page","type-page","status-publish"],"acf":[],"yoast_head":"<!-- This site is optimized with the Yoast SEO plugin v25.5 - https:\/\/yoast.com\/wordpress\/plugins\/seo\/ -->\n<title>Aviso Legal - Habilis<\/title>\n<meta name=\"robots\" content=\"index, follow, max-snippet:-1, max-image-preview:large, max-video-preview:-1\" \/>\n<link rel=\"canonical\" href=\"https:\/\/habilis.ro-botica.com\/es\/aviso-legal\/\" \/>\n<meta property=\"og:locale\" content=\"es_ES\" \/>\n<meta property=\"og:type\" content=\"article\" \/>\n<meta property=\"og:title\" content=\"Aviso Legal - Habilis\" \/>\n<meta property=\"og:description\" content=\"El titular de la p\u00e0gina web allotjada a la URL www.habilis.cat (el \u201cWeb\u201d) \u00e9s l\u2019entitat ABACUS, SCCL (\u201cABACUS\u201d), les dades ...\" \/>\n<meta property=\"og:url\" content=\"https:\/\/habilis.ro-botica.com\/es\/aviso-legal\/\" \/>\n<meta property=\"og:site_name\" content=\"Habilis\" \/>\n<meta property=\"article:modified_time\" content=\"2024-05-16T07:01:38+00:00\" \/>\n<meta name=\"twitter:card\" content=\"summary_large_image\" \/>\n<meta name=\"twitter:site\" content=\"@HabilisCat\" \/>\n<meta name=\"twitter:label1\" content=\"Tiempo de lectura\" \/>\n\t<meta name=\"twitter:data1\" content=\"8 minutos\" \/>\n<script type=\"application\/ld+json\" class=\"yoast-schema-graph\">{\"@context\":\"https:\/\/schema.org\",\"@graph\":[{\"@type\":\"WebPage\",\"@id\":\"https:\/\/habilis.ro-botica.com\/es\/aviso-legal\/\",\"url\":\"https:\/\/habilis.ro-botica.com\/es\/aviso-legal\/\",\"name\":\"Aviso Legal - Habilis\",\"isPartOf\":{\"@id\":\"https:\/\/habilis.ro-botica.com\/es\/#website\"},\"datePublished\":\"2023-06-12T13:17:31+00:00\",\"dateModified\":\"2024-05-16T07:01:38+00:00\",\"breadcrumb\":{\"@id\":\"https:\/\/habilis.ro-botica.com\/es\/aviso-legal\/#breadcrumb\"},\"inLanguage\":\"es\",\"potentialAction\":[{\"@type\":\"ReadAction\",\"target\":[\"https:\/\/habilis.ro-botica.com\/es\/aviso-legal\/\"]}]},{\"@type\":\"BreadcrumbList\",\"@id\":\"https:\/\/habilis.ro-botica.com\/es\/aviso-legal\/#breadcrumb\",\"itemListElement\":[{\"@type\":\"ListItem\",\"position\":1,\"name\":\"Portada\",\"item\":\"https:\/\/habilis.ro-botica.com\/es\/\"},{\"@type\":\"ListItem\",\"position\":2,\"name\":\"Aviso Legal\"}]},{\"@type\":\"WebSite\",\"@id\":\"https:\/\/habilis.ro-botica.com\/es\/#website\",\"url\":\"https:\/\/habilis.ro-botica.com\/es\/\",\"name\":\"Habilis\",\"description\":\"Aprende con las manos\",\"publisher\":{\"@id\":\"https:\/\/habilis.ro-botica.com\/es\/#organization\"},\"potentialAction\":[{\"@type\":\"SearchAction\",\"target\":{\"@type\":\"EntryPoint\",\"urlTemplate\":\"https:\/\/habilis.ro-botica.com\/es\/?s={search_term_string}\"},\"query-input\":{\"@type\":\"PropertyValueSpecification\",\"valueRequired\":true,\"valueName\":\"search_term_string\"}}],\"inLanguage\":\"es\"},{\"@type\":\"Organization\",\"@id\":\"https:\/\/habilis.ro-botica.com\/es\/#organization\",\"name\":\"Habilis\",\"url\":\"https:\/\/habilis.ro-botica.com\/es\/\",\"logo\":{\"@type\":\"ImageObject\",\"inLanguage\":\"es\",\"@id\":\"https:\/\/habilis.ro-botica.com\/es\/#\/schema\/logo\/image\/\",\"url\":\"https:\/\/habilis.ro-botica.com\/wp-content\/uploads\/2023\/08\/logo-habilis-430.png\",\"contentUrl\":\"https:\/\/habilis.ro-botica.com\/wp-content\/uploads\/2023\/08\/logo-habilis-430.png\",\"width\":888,\"height\":189,\"caption\":\"Habilis\"},\"image\":{\"@id\":\"https:\/\/habilis.ro-botica.com\/es\/#\/schema\/logo\/image\/\"},\"sameAs\":[\"https:\/\/x.com\/HabilisCat\",\"https:\/\/www.instagram.com\/habiliscat\/\",\"https:\/\/www.linkedin.com\/company\/habiliscat\/about\/\"]}]}<\/script>\n<!-- \/ Yoast SEO plugin. -->","yoast_head_json":{"title":"Aviso Legal - Habilis","robots":{"index":"index","follow":"follow","max-snippet":"max-snippet:-1","max-image-preview":"max-image-preview:large","max-video-preview":"max-video-preview:-1"},"canonical":"https:\/\/habilis.ro-botica.com\/es\/aviso-legal\/","og_locale":"es_ES","og_type":"article","og_title":"Aviso Legal - Habilis","og_description":"El titular de la p\u00e0gina web allotjada a la URL www.habilis.cat (el \u201cWeb\u201d) \u00e9s l\u2019entitat ABACUS, SCCL (\u201cABACUS\u201d), les dades ...","og_url":"https:\/\/habilis.ro-botica.com\/es\/aviso-legal\/","og_site_name":"Habilis","article_modified_time":"2024-05-16T07:01:38+00:00","twitter_card":"summary_large_image","twitter_site":"@HabilisCat","twitter_misc":{"Tiempo de lectura":"8 minutos"},"schema":{"@context":"https:\/\/schema.org","@graph":[{"@type":"WebPage","@id":"https:\/\/habilis.ro-botica.com\/es\/aviso-legal\/","url":"https:\/\/habilis.ro-botica.com\/es\/aviso-legal\/","name":"Aviso Legal - Habilis","isPartOf":{"@id":"https:\/\/habilis.ro-botica.com\/es\/#website"},"datePublished":"2023-06-12T13:17:31+00:00","dateModified":"2024-05-16T07:01:38+00:00","breadcrumb":{"@id":"https:\/\/habilis.ro-botica.com\/es\/aviso-legal\/#breadcrumb"},"inLanguage":"es","potentialAction":[{"@type":"ReadAction","target":["https:\/\/habilis.ro-botica.com\/es\/aviso-legal\/"]}]},{"@type":"BreadcrumbList","@id":"https:\/\/habilis.ro-botica.com\/es\/aviso-legal\/#breadcrumb","itemListElement":[{"@type":"ListItem","position":1,"name":"Portada","item":"https:\/\/habilis.ro-botica.com\/es\/"},{"@type":"ListItem","position":2,"name":"Aviso Legal"}]},{"@type":"WebSite","@id":"https:\/\/habilis.ro-botica.com\/es\/#website","url":"https:\/\/habilis.ro-botica.com\/es\/","name":"Habilis","description":"Aprende con las manos","publisher":{"@id":"https:\/\/habilis.ro-botica.com\/es\/#organization"},"potentialAction":[{"@type":"SearchAction","target":{"@type":"EntryPoint","urlTemplate":"https:\/\/habilis.ro-botica.com\/es\/?s={search_term_string}"},"query-input":{"@type":"PropertyValueSpecification","valueRequired":true,"valueName":"search_term_string"}}],"inLanguage":"es"},{"@type":"Organization","@id":"https:\/\/habilis.ro-botica.com\/es\/#organization","name":"Habilis","url":"https:\/\/habilis.ro-botica.com\/es\/","logo":{"@type":"ImageObject","inLanguage":"es","@id":"https:\/\/habilis.ro-botica.com\/es\/#\/schema\/logo\/image\/","url":"https:\/\/habilis.ro-botica.com\/wp-content\/uploads\/2023\/08\/logo-habilis-430.png","contentUrl":"https:\/\/habilis.ro-botica.com\/wp-content\/uploads\/2023\/08\/logo-habilis-430.png","width":888,"height":189,"caption":"Habilis"},"image":{"@id":"https:\/\/habilis.ro-botica.com\/es\/#\/schema\/logo\/image\/"},"sameAs":["https:\/\/x.com\/HabilisCat","https:\/\/www.instagram.com\/habiliscat\/","https:\/\/www.linkedin.com\/company\/habiliscat\/about\/"]}]}},"_links":{"self":[{"href":"https:\/\/habilis.ro-botica.com\/es\/wp-json\/wp\/v2\/pages\/72","targetHints":{"allow":["GET"]}}],"collection":[{"href":"https:\/\/habilis.ro-botica.com\/es\/wp-json\/wp\/v2\/pages"}],"about":[{"href":"https:\/\/habilis.ro-botica.com\/es\/wp-json\/wp\/v2\/types\/page"}],"author":[{"embeddable":true,"href":"https:\/\/habilis.ro-botica.com\/es\/wp-json\/wp\/v2\/users\/8"}],"replies":[{"embeddable":true,"href":"https:\/\/habilis.ro-botica.com\/es\/wp-json\/wp\/v2\/comments?post=72"}],"version-history":[{"count":0,"href":"https:\/\/habilis.ro-botica.com\/es\/wp-json\/wp\/v2\/pages\/72\/revisions"}],"wp:attachment":[{"href":"https:\/\/habilis.ro-botica.com\/es\/wp-json\/wp\/v2\/media?parent=72"}],"curies":[{"name":"wp","href":"https:\/\/api.w.org\/{rel}","templated":true}]}}